{"id":2492,"date":"2024-03-05T10:05:32","date_gmt":"2024-03-05T09:05:32","guid":{"rendered":"https:\/\/domiziladresse.zuerich\/preguntas-frecuentes\/"},"modified":"2026-01-21T11:57:17","modified_gmt":"2026-01-21T10:57:17","slug":"preguntas-frecuentes","status":"publish","type":"page","link":"https:\/\/domiziladresse.zuerich\/es\/preguntas-frecuentes\/","title":{"rendered":"FAQ"},"content":{"rendered":"<section class=\"l-section wpb_row height_custom\"><div class=\"l-section-h i-cf\"><div class=\"g-cols vc_row via_grid cols_2 laptops-cols_inherit tablets-cols_1 mobiles-cols_1 valign_middle type_default stacking_default\" style=\"--columns-gap:4vw;\"><div class=\"wpb_column vc_column_container us_custom_bdbb4a49\"><div class=\"vc_column-inner\"><div class=\"wpb_text_column us_custom_933613eb\"><div class=\"wpb_wrapper\"><h1>Preguntas frecuentes sobre el domicilio en Suiza<\/h1>\n<p>Preguntas y respuestas a las preguntas m\u00e1s frecuentes en relaci\u00f3n con el domicilio social en Z\u00farich.<\/p>\n<\/div><\/div><div class=\"w-separator size_medium\"><\/div><div class=\"wpb_text_column us_custom_74a0e6c7\"><div class=\"wpb_wrapper\"><p><strong>\u00cdndice<\/strong><\/p>\n<\/div><\/div><div class=\"w-separator size_small\"><\/div><div class=\"w-iconbox iconpos_left style_default color_primary align_left no_text\"><a href=\"#anker1\" class=\"w-iconbox-link\" aria-label=\"Direcci\u00f3n en general\"><div class=\"w-iconbox-icon\" style=\"font-size:1.7rem;\"><i class=\"fas fa-map-marker-alt\"><\/i><\/div><\/a><div class=\"w-iconbox-meta\"><div class=\"w-iconbox-title\" style=\"font-size:1.2rem;\"><a href=\"#anker1\" class=\"w-iconbox-link\" aria-label=\"Direcci\u00f3n en general\">Direcci\u00f3n en general<\/a><\/div><\/div><\/div><div class=\"w-separator size_custom\" style=\"height:18px\"><\/div><div class=\"w-iconbox iconpos_left style_default color_primary align_left no_text\"><a href=\"#anker2\" class=\"w-iconbox-link\" aria-label=\"Recepci\u00f3n \/ reenv\u00edo del correo\"><div class=\"w-iconbox-icon\" style=\"font-size:1.7rem;\"><i class=\"fas fa-mail-bulk\"><\/i><\/div><\/a><div class=\"w-iconbox-meta\"><div class=\"w-iconbox-title\" style=\"font-size:1.2rem;\"><a href=\"#anker2\" class=\"w-iconbox-link\" aria-label=\"Recepci\u00f3n \/ reenv\u00edo del correo\">Recepci\u00f3n \/ reenv\u00edo del correo<\/a><\/div><\/div><\/div><div class=\"w-separator size_custom\" style=\"height:18px\"><\/div><div class=\"w-iconbox iconpos_left style_default color_primary align_left no_text\"><a href=\"#anker3\" class=\"w-iconbox-link\" aria-label=\"Proceso de pedido\"><div class=\"w-iconbox-icon\" style=\"font-size:1.7rem;\"><i class=\"fas fa-shopping-cart\"><\/i><\/div><\/a><div class=\"w-iconbox-meta\"><div class=\"w-iconbox-title\" style=\"font-size:1.2rem;\"><a href=\"#anker3\" class=\"w-iconbox-link\" aria-label=\"Proceso de pedido\">Proceso de pedido<\/a><\/div><\/div><\/div><div class=\"w-separator size_custom\" style=\"height:18px\"><\/div><div class=\"w-iconbox iconpos_left style_default color_primary align_left no_text\"><a href=\"#anker4\" class=\"w-iconbox-link\" aria-label=\"Suscripci\u00f3n\"><div class=\"w-iconbox-icon\" style=\"font-size:1.7rem;\"><i class=\"fas fa-clipboard-list-check\"><\/i><\/div><\/a><div class=\"w-iconbox-meta\"><div class=\"w-iconbox-title\" style=\"font-size:1.2rem;\"><a href=\"#anker4\" class=\"w-iconbox-link\" aria-label=\"Suscripci\u00f3n\">Suscripci\u00f3n<\/a><\/div><\/div><\/div><div class=\"w-separator size_custom\" style=\"height:18px\"><\/div><div class=\"w-iconbox iconpos_left style_default color_primary align_left no_text\"><a href=\"#anker5\" class=\"w-iconbox-link\" aria-label=\"Facturaci\u00f3n\"><div class=\"w-iconbox-icon\" style=\"font-size:1.7rem;\"><i class=\"fas fa-file-invoice-dollar\"><\/i><\/div><\/a><div class=\"w-iconbox-meta\"><div class=\"w-iconbox-title\" style=\"font-size:1.2rem;\"><a href=\"#anker5\" class=\"w-iconbox-link\" aria-label=\"Facturaci\u00f3n\">Facturaci\u00f3n<\/a><\/div><\/div><\/div><div class=\"w-separator size_custom\" style=\"height:18px\"><\/div><div class=\"w-iconbox iconpos_left style_default color_primary align_left no_text\"><a href=\"#anker6\" class=\"w-iconbox-link\" aria-label=\"Registro mercantil\"><div class=\"w-iconbox-icon\" style=\"font-size:1.7rem;\"><i class=\"fas fa-folders\"><\/i><\/div><\/a><div class=\"w-iconbox-meta\"><div class=\"w-iconbox-title\" style=\"font-size:1.2rem;\"><a href=\"#anker6\" class=\"w-iconbox-link\" aria-label=\"Registro mercantil\">Registro mercantil<\/a><\/div><\/div><\/div><div class=\"w-separator size_custom\" style=\"height:18px\"><\/div><div class=\"w-iconbox iconpos_left style_default color_primary align_left no_text\"><a href=\"#anker7\" class=\"w-iconbox-link\" aria-label=\"Servicios adicionales\"><div class=\"w-iconbox-icon\" style=\"font-size:1.7rem;\"><i class=\"fas fa-concierge-bell\"><\/i><\/div><\/a><div class=\"w-iconbox-meta\"><div class=\"w-iconbox-title\" style=\"font-size:1.2rem;\"><a href=\"#anker7\" class=\"w-iconbox-link\" aria-label=\"Servicios adicionales\">Servicios adicionales<\/a><\/div><\/div><\/div><div class=\"w-separator size_small\"><\/div><\/div><\/div><div class=\"wpb_column vc_column_container\"><div class=\"vc_column-inner\"><div class=\"w-image us_custom_f7999c5b has_ratio align_center\"><div class=\"w-image-h\"><div style=\"padding-bottom:100%\"><\/div><img decoding=\"async\" width=\"1024\" height=\"683\" src=\"https:\/\/domiziladresse.zuerich\/wp-content\/uploads\/2024\/03\/briefmarken-1024x683.jpg\" class=\"attachment-large size-large\" alt=\"\" loading=\"lazy\" \/><\/div><\/div><\/div><\/div><\/div><\/div><\/section><section class=\"l-section wpb_row us_custom_a43eef51 height_auto\" id=\"anker1\"><div class=\"l-section-h i-cf\"><div class=\"g-cols vc_row via_grid cols_2 laptops-cols_inherit tablets-cols_1 mobiles-cols_1 valign_top type_default stacking_default\" style=\"--columns-gap:30px;\"><div class=\"wpb_column vc_column_container\"><div class=\"vc_column-inner\"><div class=\"w-text us_custom_44da2e4b has_text_color\"><span class=\"w-text-h\"><span class=\"w-text-value\">FAQ &#8211; Preguntas sobre la<\/span><\/span><\/div><h2 class=\"w-text\"><span class=\"w-text-h\"><span class=\"w-text-value\">Direcci\u00f3n en general<\/span><\/span><\/h2><div class=\"w-separator size_small\"><\/div><div class=\"w-tabs us_custom_07146db5 has_text_color style_default switch_click accordion remove_indents\" style=\"--sections-title-size:24px\"><div class=\"w-tabs-sections titles-align_none icon_chevron cpos_right\"><div class=\"w-tabs-section\" id=\"m97b\" style=\"background:var(--color-content-bg);\"><button class=\"w-tabs-section-header\" aria-controls=\"content-m97b\" aria-expanded=\"false\"><h3 class=\"w-tabs-section-title\">\u00bfPor qu\u00e9 necesito una direcci\u00f3n de domicilio?<\/h3><div class=\"w-tabs-section-control\"><\/div><\/button><div  class=\"w-tabs-section-content\" id=\"content-m97b\"><div class=\"w-tabs-section-content-h i-cf\"><div class=\"wpb_text_column\"><div class=\"wpb_wrapper\"><h5>No dispone de oficinas propias para su empresa<\/h5>\n<p>\u00bfTrabaja desde casa, de viaje o en un espacio de coworking? Con una direcci\u00f3n domiciliada en Z\u00farich, su empresa es f\u00e1cilmente accesible para el correo procedente de Suiza y del extranjero. El correo dirigido a su empresa se entrega en la direcci\u00f3n del domicilio en Z\u00farich y se le reenv\u00eda de forma fiable mediante nuestro servicio de domiciliaci\u00f3n. Una direcci\u00f3n domiciliaria protege su privacidad. Si la direcci\u00f3n de su empresa es la misma que su direcci\u00f3n privada, una direcci\u00f3n domiciliaria le garantiza que no tendr\u00e1 que publicar su direcci\u00f3n privada. Adem\u00e1s, un domicilio suizo en un lugar prestigioso de la ciudad de Z\u00farich genera confianza.<\/p>\n<h5>Necesita una direcci\u00f3n de entrega en Suiza<\/h5>\n<p>En los procedimientos ante las autoridades y tribunales suizos, puedes estar obligado a designar un domicilio a efectos de notificaciones en Suiza si resides o est\u00e1s domiciliado en el extranjero. En este caso, el env\u00edo fiable de los env\u00edos postales es esencial para estar informado a tiempo de cualquier plazo.<\/p>\n<\/div><\/div><\/div><\/div><\/div><div class=\"w-tabs-section\" id=\"ya87\" style=\"background:var(--color-content-bg);\"><button class=\"w-tabs-section-header\" aria-controls=\"content-ya87\" aria-expanded=\"false\"><h3 class=\"w-tabs-section-title\">\u00bfQui\u00e9n puede utilizar una direcci\u00f3n domiciliaria?<\/h3><div class=\"w-tabs-section-control\"><\/div><\/button><div  class=\"w-tabs-section-content us_custom_fca8cc99\" id=\"content-ya87\"><div class=\"w-tabs-section-content-h i-cf\"><div class=\"wpb_text_column\"><div class=\"wpb_wrapper\"><p>Nuestra direcci\u00f3n puede ser utilizada por empresas (como sociedades an\u00f3nimas (AG), sociedades de responsabilidad limitada (GmbH), sociedades colectivas y sociedades unipersonales), asociaciones y organizaciones, fundaciones y particulares.<\/p>\n<\/div><\/div><\/div><\/div><\/div><div class=\"w-tabs-section\" id=\"vb88\" style=\"background:var(--color-content-bg);\"><button class=\"w-tabs-section-header\" aria-controls=\"content-vb88\" aria-expanded=\"false\"><h3 class=\"w-tabs-section-title\">\u00bfPuedo utilizar tambi\u00e9n la direcci\u00f3n del domicilio como particular sin empresa?<\/h3><div class=\"w-tabs-section-control\"><\/div><\/button><div  class=\"w-tabs-section-content us_custom_fca8cc99\" id=\"content-vb88\"><div class=\"w-tabs-section-content-h i-cf\"><div class=\"wpb_text_column\"><div class=\"wpb_wrapper\"><p>S\u00ed, puede utilizar una direcci\u00f3n domiciliaria para su correo privado. Existen varias razones para utilizar una direcci\u00f3n de domicilio con fines privados: Va a permanecer en el extranjero durante un largo periodo de tiempo y necesita una direcci\u00f3n de entrega en Suiza o vive en el extranjero y una autoridad suiza le pide que designe un domicilio de entrega en Suiza.<\/p>\n<\/div><\/div><\/div><\/div><\/div><div class=\"w-tabs-section\" id=\"tc76\" style=\"background:var(--color-content-bg);\"><button class=\"w-tabs-section-header\" aria-controls=\"content-tc76\" aria-expanded=\"false\"><h3 class=\"w-tabs-section-title\">\u00bfQu\u00e9 significa el a\u00f1adido &quot;c\/o&quot; en la direcci\u00f3n postal?<\/h3><div class=\"w-tabs-section-control\"><\/div><\/button><div  class=\"w-tabs-section-content us_custom_fca8cc99\" id=\"content-tc76\"><div class=\"w-tabs-section-content-h i-cf\"><div class=\"wpb_text_column\"><div class=\"wpb_wrapper\"><p>Las letras \u00abc\/o\u00bb significan \u00aba la atenci\u00f3n de\u00bb y se utilizan para indicar que un env\u00edo debe entregarse a una persona en un lugar concreto, aunque esa persona no viva en esa direcci\u00f3n o una empresa haya alquilado oficinas all\u00ed. Significa \u00aba la atenci\u00f3n de\u00bb o \u00aben\u00bb.<\/p>\n<\/div><\/div><\/div><\/div><\/div><div class=\"w-tabs-section\" id=\"yd7a\" style=\"background:var(--color-content-bg);\"><button class=\"w-tabs-section-header\" aria-controls=\"content-yd7a\" aria-expanded=\"false\"><h3 class=\"w-tabs-section-title\">\u00bfQu\u00e9 es una declaraci\u00f3n de aceptaci\u00f3n de domicilio?<\/h3><div class=\"w-tabs-section-control\"><\/div><\/button><div  class=\"w-tabs-section-content us_custom_fca8cc99\" id=\"content-yd7a\"><div class=\"w-tabs-section-content-h i-cf\"><div class=\"wpb_text_column\"><div class=\"wpb_wrapper\"><p>Una declaraci\u00f3n de aceptaci\u00f3n de domicilio es un documento con el que el proveedor del domicilio (en este caso el domicilio de Z\u00farich) confirma a la oficina del registro mercantil que conceder\u00e1 el domicilio al domiciliado. La declaraci\u00f3n de aceptaci\u00f3n de domicilio debe presentarse en la Oficina del Registro Mercantil para que pueda modificarse el domicilio o la direcci\u00f3n inscrita en el Registro Mercantil.<\/p>\n<p>La declaraci\u00f3n de aceptaci\u00f3n de domicilio le ser\u00e1 enviada gratuitamente por correo postal cuando reserve un domicilio social.<\/p>\n<\/div><\/div><\/div><\/div><\/div><div class=\"w-tabs-section\" id=\"re72\" style=\"background:var(--color-content-bg);\"><button class=\"w-tabs-section-header\" aria-controls=\"content-re72\" aria-expanded=\"false\"><h3 class=\"w-tabs-section-title\">\u00bfSe escribir\u00e1 a mi empresa a la direcci\u00f3n del domicilio (buz\u00f3n\/puerta\/entrada)?<\/h3><div class=\"w-tabs-section-control\"><\/div><\/button><div  class=\"w-tabs-section-content us_custom_fca8cc99\" id=\"content-re72\"><div class=\"w-tabs-section-content-h i-cf\"><div class=\"wpb_text_column\"><div class=\"wpb_wrapper\"><p>No, no escribiremos a su empresa. El hecho de que tenga una direcci\u00f3n comercial con nosotros se almacena electr\u00f3nicamente en la oficina de correos (subdirecci\u00f3n) para que podamos recibir su correo.<\/p>\n<\/div><\/div><\/div><\/div><\/div><div class=\"w-tabs-section\" id=\"lf7a\" style=\"background:var(--color-content-bg);\"><button class=\"w-tabs-section-header\" aria-controls=\"content-lf7a\" aria-expanded=\"false\"><h3 class=\"w-tabs-section-title\">\u00bfPuedo utilizar tambi\u00e9n una direcci\u00f3n de domicilio como direcci\u00f3n de registro personal para la Oficina de Registro de Residentes?<\/h3><div class=\"w-tabs-section-control\"><\/div><\/button><div  class=\"w-tabs-section-content us_custom_fca8cc99\" id=\"content-lf7a\"><div class=\"w-tabs-section-content-h i-cf\"><div class=\"wpb_text_column\"><div class=\"wpb_wrapper\"><p>No, una direcci\u00f3n de domicilio sirve b\u00e1sicamente como direcci\u00f3n comercial para entidades jur\u00eddicas o empresas unipersonales en el registro mercantil y no se reconoce como residencia personal o direcci\u00f3n de registro. La direcci\u00f3n de registro debe reflejar el lugar de residencia real del interesado. Una direcci\u00f3n domiciliaria no cumple estos requisitos. Toda persona que resida en Suiza est\u00e1 obligada a registrar correctamente su lugar de residencia real en el municipio correspondiente.<\/p>\n<p>Un <strong>particular<\/strong> a\u00fan puede reservar una direcci\u00f3n domiciliaria sin un motivo comercial. Sin embargo, esto s\u00f3lo afecta a una direcci\u00f3n postal, es decir, a la recepci\u00f3n y el reenv\u00edo del correo. Esto puede ser \u00fatil, por ejemplo, para estancias m\u00e1s largas en el extranjero o por otros motivos.<\/p>\n<\/div><\/div><\/div><\/div><\/div><div class=\"w-tabs-section\" id=\"f0bb\" style=\"background:var(--color-content-bg);\"><button class=\"w-tabs-section-header\" aria-controls=\"content-f0bb\" aria-expanded=\"false\"><h3 class=\"w-tabs-section-title\">\u00bfCu\u00e1ndo es \u00fatil o necesario un domicilio para un particular?<\/h3><div class=\"w-tabs-section-control\"><\/div><\/button><div  class=\"w-tabs-section-content us_custom_fca8cc99\" id=\"content-f0bb\"><div class=\"w-tabs-section-content-h i-cf\"><div class=\"wpb_text_column\"><div class=\"wpb_wrapper\"><div>\n<p>Una direcci\u00f3n domiciliaria puede ser \u00fatil para los particulares si necesitan una direcci\u00f3n de entrega fiable pero no pueden ser localizados en una direcci\u00f3n permanente en Suiza en todo momento. Las aplicaciones t\u00edpicas son<\/p>\n<ul style=\"margin-top: 0cm;\">\n<li style=\"tab-stops: list 36.0pt;\"><strong>Estancias en el extranjero:<\/strong> Personas que viven en el extranjero y desean seguir recibiendo de forma fiable el correo de las autoridades suizas, los bancos o las compa\u00f1\u00edas de seguros.<\/li>\n<li style=\"tab-stops: list 36.0pt;\"><strong>Personas sin domicilio fijo o que se mudan con frecuencia:<\/strong> Si no tiene una direcci\u00f3n fija o se muda con frecuencia, una direcci\u00f3n domiciliaria puede garantizar que se le pueda localizar en todo momento.<\/li>\n<li style=\"tab-stops: list 36.0pt;\"><strong>Protecci\u00f3n de la intimidad:<\/strong> Personas que no desean revelar su direcci\u00f3n privada por razones de discreci\u00f3n.<\/li>\n<li style=\"tab-stops: list 36.0pt;\"><strong>Domicilio a efectos de notificaciones:<\/strong> Toda persona que resida en el extranjero y est\u00e9 implicada en un procedimiento oficial o judicial en Suiza est\u00e1 obligada en muchos casos a facilitar un domicilio nacional a efectos de notificaciones. Esto sirve como direcci\u00f3n oficial de recepci\u00f3n de documentos judiciales y oficiales y garantiza que los plazos y las notificaciones puedan notificarse de forma legalmente v\u00e1lida.<\/li>\n<\/ul>\n<p><strong>Nota:<\/strong> Una direcci\u00f3n de domicilio no sustituye a la direcci\u00f3n de registro exigida legalmente y no puede indicarse como lugar de residencia. Se utiliza exclusivamente para el env\u00edo de correspondencia.<\/p>\n<\/div>\n<\/div><\/div><\/div><\/div><\/div><div class=\"w-tabs-section\" id=\"t1b2\" style=\"background:var(--color-content-bg);\"><button class=\"w-tabs-section-header\" aria-controls=\"content-t1b2\" aria-expanded=\"false\"><h3 class=\"w-tabs-section-title\">\u00bfD\u00f3nde tributa mi empresa en Suiza?<\/h3><div class=\"w-tabs-section-control\"><\/div><\/button><div  class=\"w-tabs-section-content us_custom_fca8cc99\" id=\"content-t1b2\"><div class=\"w-tabs-section-content-h i-cf\"><div class=\"wpb_text_column\"><div class=\"wpb_wrapper\"><p>El factor decisivo para la responsabilidad fiscal de una empresa en Suiza no es la sede social o el domicilio social inscrito en el registro mercantil, sino el lugar de gesti\u00f3n efectiva. Por lo tanto, se aplica el principio: La empresa tributa all\u00ed donde tiene su centro de gravedad econ\u00f3mico y efectivo.<\/p>\n<\/div><\/div><\/div><\/div><\/div><\/div><\/div><div class=\"w-separator size_large\"><\/div><\/div><\/div><div class=\"wpb_column vc_column_container\"><div class=\"vc_column-inner\"><div class=\"w-image align_center\"><div class=\"w-image-h\"><img decoding=\"async\" width=\"1024\" height=\"1024\" src=\"https:\/\/domiziladresse.zuerich\/wp-content\/uploads\/2024\/04\/hand-bruefumschlag-1024x1024.jpg\" class=\"attachment-large size-large\" alt=\"\" loading=\"lazy\" srcset=\"https:\/\/domiziladresse.zuerich\/wp-content\/uploads\/2024\/04\/hand-bruefumschlag-1024x1024.jpg 1024w, https:\/\/domiziladresse.zuerich\/wp-content\/uploads\/2024\/04\/hand-bruefumschlag-400x400.jpg 400w, https:\/\/domiziladresse.zuerich\/wp-content\/uploads\/2024\/04\/hand-bruefumschlag-200x200.jpg 200w\" sizes=\"auto, (max-width: 1024px) 100vw, 1024px\" \/><\/div><\/div><\/div><\/div><\/div><\/div><\/section><section class=\"l-section wpb_row us_custom_a43eef51 height_auto\" id=\"anker2\"><div class=\"l-section-h i-cf\"><div class=\"g-cols vc_row via_grid cols_2 laptops-cols_inherit tablets-cols_1 mobiles-cols_1 valign_top type_default reversed stacking_default\" style=\"--columns-gap:30px;\"><div class=\"wpb_column vc_column_container\"><div class=\"vc_column-inner\"><div class=\"w-image has_ratio align_center\"><div class=\"w-image-h\"><div style=\"padding-bottom:100%\"><\/div><img decoding=\"async\" width=\"759\" height=\"1024\" src=\"https:\/\/domiziladresse.zuerich\/wp-content\/uploads\/2025\/04\/Poestler-759x1024.jpg\" class=\"attachment-large size-large\" alt=\"\" loading=\"lazy\" \/><\/div><\/div><\/div><\/div><div class=\"wpb_column vc_column_container\"><div class=\"vc_column-inner\"><div class=\"w-text us_custom_44da2e4b has_text_color\"><span class=\"w-text-h\"><span class=\"w-text-value\">FAQ &#8211; Preguntas sobre la<\/span><\/span><\/div><h2 class=\"w-text\"><span class=\"w-text-h\"><span class=\"w-text-value\">Recepci\u00f3n \/ reenv\u00edo del correo<\/span><\/span><\/h2><div class=\"w-separator size_small\"><\/div><div class=\"w-tabs us_custom_07146db5 has_text_color style_default switch_click accordion remove_indents\" style=\"--sections-title-size:24px\"><div class=\"w-tabs-sections titles-align_none icon_chevron cpos_right\"><div class=\"w-tabs-section\" id=\"j6c6\" style=\"background:var(--color-content-bg);\"><button class=\"w-tabs-section-header\" aria-controls=\"content-j6c6\" aria-expanded=\"false\"><h3 class=\"w-tabs-section-title\">\u00bfSe pueden recibir paquetes tambi\u00e9n en la direcci\u00f3n de la empresa?<\/h3><div class=\"w-tabs-section-control\"><\/div><\/button><div  class=\"w-tabs-section-content us_custom_fca8cc99\" id=\"content-j6c6\"><div class=\"w-tabs-section-content-h i-cf\"><div class=\"wpb_text_column\"><div class=\"wpb_wrapper\"><p>S\u00ed, es posible recibir paquetes en la direcci\u00f3n de la empresa. Tenga en cuenta que hay un cargo adicional por env\u00edo para la aceptaci\u00f3n y el reenv\u00edo de paquetes. Adem\u00e1s, no disponemos de infraestructura para recibir paquetes m\u00faltiples o de mayor tama\u00f1o. No se aceptar\u00e1n paquetes que pesen m\u00e1s de 5 kg.<\/p>\n<\/div><\/div><\/div><\/div><\/div><div class=\"w-tabs-section\" id=\"s7cf\" style=\"background:var(--color-content-bg);\"><button class=\"w-tabs-section-header\" aria-controls=\"content-s7cf\" aria-expanded=\"false\"><h3 class=\"w-tabs-section-title\">\u00bfSe reenviar\u00e1 tambi\u00e9n mi correo al extranjero?<\/h3><div class=\"w-tabs-section-control\"><\/div><\/button><div  class=\"w-tabs-section-content us_custom_fca8cc99\" id=\"content-s7cf\"><div class=\"w-tabs-section-content-h i-cf\"><div class=\"wpb_text_column\"><div class=\"wpb_wrapper\"><p>S\u00ed, tambi\u00e9n reenviamos su correo al extranjero. Los gastos de env\u00edo al extranjero son correspondientemente m\u00e1s elevados. Puede consultar los gastos de env\u00edo en la <a href=\"https:\/\/www.post.ch\/\">p\u00e1gina web de Correos suizo<\/a>.<\/p>\n<\/div><\/div><\/div><\/div><\/div><div class=\"w-tabs-section\" id=\"n8ca\" style=\"background:var(--color-content-bg);\"><button class=\"w-tabs-section-header\" aria-controls=\"content-n8ca\" aria-expanded=\"false\"><h3 class=\"w-tabs-section-title\">\u00bfEs fiable el reenv\u00edo de correo desde el domicilio de Z\u00farich?<\/h3><div class=\"w-tabs-section-control\"><\/div><\/button><div  class=\"w-tabs-section-content us_custom_fca8cc99\" id=\"content-n8ca\"><div class=\"w-tabs-section-content-h i-cf\"><div class=\"wpb_text_column\"><div class=\"wpb_wrapper\"><p>El servicio de domiciliaci\u00f3n de Z\u00farich est\u00e1 gestionado por el bufete de abogados Sp\u00fchler Rechtsanw\u00e4lte AG. Los bufetes de abogados deben asegurarse de que su tratamiento del correo est\u00e9 muy bien organizado y sea minucioso. Los residentes se benefician de ello cuando contratan una suscripci\u00f3n.<\/p>\n<\/div><\/div><\/div><\/div><\/div><div class=\"w-tabs-section\" id=\"l9bb\" style=\"background:var(--color-content-bg);\"><button class=\"w-tabs-section-header\" aria-controls=\"content-l9bb\" aria-expanded=\"false\"><h3 class=\"w-tabs-section-title\">\u00bfPuedo recoger el correo de mi domicilio?<\/h3><div class=\"w-tabs-section-control\"><\/div><\/button><div  class=\"w-tabs-section-content us_custom_fca8cc99\" id=\"content-l9bb\"><div class=\"w-tabs-section-content-h i-cf\"><div class=\"wpb_text_column\"><div class=\"wpb_wrapper\"><p>No, no es posible recoger el correo domiciliario en la direcci\u00f3n del domicilio.<\/p>\n<\/div><\/div><\/div><\/div><\/div><\/div><\/div><div class=\"w-separator size_large\"><\/div><\/div><\/div><\/div><\/div><\/section><section class=\"l-section wpb_row us_custom_a43eef51 height_auto\" id=\"anker3\"><div class=\"l-section-h i-cf\"><div class=\"g-cols vc_row via_grid cols_2 laptops-cols_inherit tablets-cols_1 mobiles-cols_1 valign_top type_default stacking_default\" style=\"--columns-gap:30px;\"><div class=\"wpb_column vc_column_container\"><div class=\"vc_column-inner\"><div class=\"w-text us_custom_44da2e4b has_text_color\"><span class=\"w-text-h\"><span class=\"w-text-value\">FAQ &#8211; Preguntas sobre la<\/span><\/span><\/div><h2 class=\"w-text\"><span class=\"w-text-h\"><span class=\"w-text-value\">Proceso de pedido<\/span><\/span><\/h2><div class=\"w-separator size_small\"><\/div><div class=\"w-tabs us_custom_07146db5 has_text_color style_default switch_click accordion remove_indents\" style=\"--sections-title-size:24px\"><div class=\"w-tabs-sections titles-align_none icon_chevron cpos_right\"><div class=\"w-tabs-section\" id=\"b667\" style=\"background:var(--color-content-bg);\"><button class=\"w-tabs-section-header\" aria-controls=\"content-b667\" aria-expanded=\"false\"><h3 class=\"w-tabs-section-title\">\u00bfC\u00f3mo reservo un domicilio?<\/h3><div class=\"w-tabs-section-control\"><\/div><\/button><div  class=\"w-tabs-section-content us_custom_fca8cc99\" id=\"content-b667\"><div class=\"w-tabs-section-content-h i-cf\"><div class=\"wpb_text_column\"><div class=\"wpb_wrapper\"><p>Puede rellenar el <a href=\"https:\/\/domiziladresse.zuerich\/es\/pide\/\">formulario de pedido<\/a> en esta p\u00e1gina web.<\/p>\n<\/div><\/div><\/div><\/div><\/div><div class=\"w-tabs-section\" id=\"v78c\" style=\"background:var(--color-content-bg);\"><button class=\"w-tabs-section-header\" aria-controls=\"content-v78c\" aria-expanded=\"false\"><h3 class=\"w-tabs-section-title\">\u00bfCu\u00e1l es el proceso de pedido?<\/h3><div class=\"w-tabs-section-control\"><\/div><\/button><div  class=\"w-tabs-section-content us_custom_fca8cc99\" id=\"content-v78c\"><div class=\"w-tabs-section-content-h i-cf\"><div class=\"wpb_text_column\"><div class=\"wpb_wrapper\"><ol>\n<li>Rellene el formulario de pedido.<\/li>\n<li>Recibir\u00e1 una copia autom\u00e1tica de su pedido en la direcci\u00f3n de correo electr\u00f3nico que nos haya facilitado.<\/li>\n<li>Comprobaremos sus datos y le enviaremos la factura por correo electr\u00f3nico para que efect\u00fae el pago una vez realizada la comprobaci\u00f3n correctamente (en un plazo m\u00e1ximo de dos d\u00edas laborables).<\/li>\n<li>Una vez recibido el pago, activaremos el domicilio en la fecha deseada. Si ha reservado servicios adicionales, recibir\u00e1 informaci\u00f3n nuestra sobre los pasos siguientes.<\/li>\n<\/ol>\n<\/div><\/div><\/div><\/div><\/div><div class=\"w-tabs-section\" id=\"p88c\" style=\"background:var(--color-content-bg);\"><button class=\"w-tabs-section-header\" aria-controls=\"content-p88c\" aria-expanded=\"false\"><h3 class=\"w-tabs-section-title\">\u00bfCu\u00e1nto tiempo se tarda en crear una direcci\u00f3n profesional?<\/h3><div class=\"w-tabs-section-control\"><\/div><\/button><div  class=\"w-tabs-section-content us_custom_fca8cc99\" id=\"content-p88c\"><div class=\"w-tabs-section-content-h i-cf\"><div class=\"wpb_text_column\"><div class=\"wpb_wrapper\"><p>Le confirmaremos los servicios solicitados y le enviaremos la factura a m\u00e1s tardar dos d\u00edas laborables despu\u00e9s de su pedido. Tras la recepci\u00f3n del pago, necesitamos de tres a seis d\u00edas laborables para las suscripciones Est\u00e1ndar y Premium hasta que la nueva direcci\u00f3n de su empresa se registre tambi\u00e9n en Correos y su correspondencia llegue hasta nosotros. Con una suscripci\u00f3n econ\u00f3mica, la direcci\u00f3n puede utilizarse inmediatamente despu\u00e9s de recibir el pago.<\/p>\n<\/div><\/div><\/div><\/div><\/div><div class=\"w-tabs-section\" id=\"w9bb\" style=\"background:var(--color-content-bg);\"><button class=\"w-tabs-section-header\" aria-controls=\"content-w9bb\" aria-expanded=\"false\"><h3 class=\"w-tabs-section-title\">\u00bfPuedo acelerar el proceso de pedido?<\/h3><div class=\"w-tabs-section-control\"><\/div><\/button><div  class=\"w-tabs-section-content us_custom_fca8cc99\" id=\"content-w9bb\"><div class=\"w-tabs-section-content-h i-cf\"><div class=\"wpb_text_column\"><div class=\"wpb_wrapper\"><p>Si necesita urgentemente un domicilio social, puede anotarlo en el pedido. Intentaremos entonces acelerar la tramitaci\u00f3n. El domicilio s\u00f3lo puede establecerse y enviarse la declaraci\u00f3n de aceptaci\u00f3n del domicilio una vez que se haya abonado la tasa de domiciliaci\u00f3n. Para acelerar la tramitaci\u00f3n, puede transferir el importe de la factura a la cuenta siguiente, en funci\u00f3n de la suscripci\u00f3n que haya elegido.<\/p>\n<ul>\n<li>Presupuesto: 1.024,80 CHF (IVA incluido)<\/li>\n<li>Est\u00e1ndar: 1&#8217;284,25 CHF (IVA incl.)<\/li>\n<li>Prima: 1&#8217;932,85 CHF (IVA incl.)<\/li>\n<\/ul>\n<p>Cuenta a nombre de: Sp\u00fchler Rechtsanw\u00e4lte AG, 8002 Z\u00farich<br \/>\nBanco Cantonal de Z\u00farich, 8010 Z\u00farich<br \/>\nDirecci\u00f3n SWIFT (BIC): ZKBKCHZZ80A<br \/>\nCompensaci\u00f3n bancaria: 700<br \/>\nIBAN: CH85 0070 0114 8079 5889 3<\/p>\n<p>Al efectuar el pago, indique que se trata de una direcci\u00f3n domiciliaria y para qu\u00e9 empresa\/persona se efect\u00faa el pago.<\/p>\n<\/div><\/div><\/div><\/div><\/div><div class=\"w-tabs-section\" id=\"habe\" style=\"background:var(--color-content-bg);\"><button class=\"w-tabs-section-header\" aria-controls=\"content-habe\" aria-expanded=\"false\"><h3 class=\"w-tabs-section-title\">\u00bfSe transmitir\u00e1n mis datos?<\/h3><div class=\"w-tabs-section-control\"><\/div><\/button><div  class=\"w-tabs-section-content us_custom_fca8cc99\" id=\"content-habe\"><div class=\"w-tabs-section-content-h i-cf\"><div class=\"wpb_text_column\"><div class=\"wpb_wrapper\"><p>Sus datos personales ser\u00e1n cedidos a terceros para la prestaci\u00f3n del servicio. Sus datos no se vender\u00e1n ni se utilizar\u00e1n con fines publicitarios.<\/p>\n<p>Para establecer la recepci\u00f3n con la direcci\u00f3n del domicilio, Correos Suizos debe ser informado de su nombre o empresa. En el marco de la constituci\u00f3n de empresas y otras operaciones del registro mercantil, los datos pertinentes deben comunicarse a Hoop (plataforma en l\u00ednea), al notario, a un banco (cuenta de aportaci\u00f3n de capital) y al registro mercantil.<\/p>\n<\/div><\/div><\/div><\/div><\/div><div class=\"w-tabs-section\" id=\"ibb8\" style=\"background:var(--color-content-bg);\"><button class=\"w-tabs-section-header\" aria-controls=\"content-ibb8\" aria-expanded=\"false\"><h3 class=\"w-tabs-section-title\">\u00bfPuedo reservar un domicilio social aunque mi empresa a\u00fan no se haya fundado?<\/h3><div class=\"w-tabs-section-control\"><\/div><\/button><div  class=\"w-tabs-section-content us_custom_fca8cc99\" id=\"content-ibb8\"><div class=\"w-tabs-section-content-h i-cf\"><div class=\"wpb_text_column\"><div class=\"wpb_wrapper\"><p>S\u00ed, ya puede registrarse para obtener un domicilio social, aunque su empresa a\u00fan no se haya fundado. Necesitar\u00e1 que le enviemos una declaraci\u00f3n de aceptaci\u00f3n de domicilio para constituir la empresa.<\/p>\n<p>Estaremos encantados de crear una empresa para usted.<\/p>\n<\/div><\/div><\/div><\/div><\/div><\/div><\/div><div class=\"w-separator size_large\"><\/div><\/div><\/div><div class=\"wpb_column vc_column_container\"><div class=\"vc_column-inner\"><div class=\"w-image has_ratio align_center\"><div class=\"w-image-h\"><div style=\"padding-bottom:100%\"><\/div><img decoding=\"async\" width=\"1024\" height=\"680\" src=\"https:\/\/domiziladresse.zuerich\/wp-content\/uploads\/2025\/04\/abo-1024x680.jpg\" class=\"attachment-large size-large\" alt=\"\" loading=\"lazy\" \/><\/div><\/div><\/div><\/div><\/div><\/div><\/section><section class=\"l-section wpb_row us_custom_a43eef51 height_auto\" id=\"anker4\"><div class=\"l-section-h i-cf\"><div class=\"g-cols vc_row via_grid cols_2 laptops-cols_inherit tablets-cols_1 mobiles-cols_1 valign_top type_default reversed stacking_default\" style=\"--columns-gap:30px;\"><div class=\"wpb_column vc_column_container\"><div class=\"vc_column-inner\"><div class=\"w-image has_ratio align_center\"><div class=\"w-image-h\"><div style=\"padding-bottom:100%\"><\/div><img decoding=\"async\" width=\"1024\" height=\"684\" src=\"https:\/\/domiziladresse.zuerich\/wp-content\/uploads\/2025\/04\/vertrag-1024x684.jpg\" class=\"attachment-large size-large\" alt=\"\" loading=\"lazy\" \/><\/div><\/div><\/div><\/div><div class=\"wpb_column vc_column_container\"><div class=\"vc_column-inner\"><div class=\"w-text us_custom_44da2e4b has_text_color\"><span class=\"w-text-h\"><span class=\"w-text-value\">FAQ &#8211; Preguntas sobre la<\/span><\/span><\/div><h2 class=\"w-text\"><span class=\"w-text-h\"><span class=\"w-text-value\">Suscripci\u00f3n<\/span><\/span><\/h2><div class=\"w-separator size_small\"><\/div><div class=\"w-tabs us_custom_07146db5 has_text_color style_default switch_click accordion remove_indents\" style=\"--sections-title-size:24px\"><div class=\"w-tabs-sections titles-align_none icon_chevron cpos_right\"><div class=\"w-tabs-section\" id=\"fe02\" style=\"background:var(--color-content-bg);\"><button class=\"w-tabs-section-header\" aria-controls=\"content-fe02\" aria-expanded=\"false\"><h3 class=\"w-tabs-section-title\">\u00bfQu\u00e9 suscripciones hay disponibles?<\/h3><div class=\"w-tabs-section-control\"><\/div><\/button><div  class=\"w-tabs-section-content us_custom_fca8cc99\" id=\"content-fe02\"><div class=\"w-tabs-section-content-h i-cf\"><div class=\"wpb_text_column\"><div class=\"wpb_wrapper\"><p><a href=\"https:\/\/domiziladresse.zuerich\/es\/precio-y-detalles\/\">En nuestra p\u00e1gina web<\/a> encontrar\u00e1 un resumen de las suscripciones y los precios correspondientes.<\/p>\n<\/div><\/div><\/div><\/div><\/div><div class=\"w-tabs-section\" id=\"pf15\" style=\"background:var(--color-content-bg);\"><button class=\"w-tabs-section-header\" aria-controls=\"content-pf15\" aria-expanded=\"false\"><h3 class=\"w-tabs-section-title\">\u00bfCu\u00e1nto cuesta un domicilio?<\/h3><div class=\"w-tabs-section-control\"><\/div><\/button><div  class=\"w-tabs-section-content us_custom_fca8cc99\" id=\"content-pf15\"><div class=\"w-tabs-section-content-h i-cf\"><div class=\"wpb_text_column\"><div class=\"wpb_wrapper\"><p><a href=\"https:\/\/domiziladresse.zuerich\/es\/precio-y-detalles\/\">En nuestra p\u00e1gina web<\/a> encontrar\u00e1 un resumen de las suscripciones y los precios correspondientes.<\/p>\n<\/div><\/div><\/div><\/div><\/div><div class=\"w-tabs-section\" id=\"t00e\" style=\"background:var(--color-content-bg);\"><button class=\"w-tabs-section-header\" aria-controls=\"content-t00e\" aria-expanded=\"false\"><h3 class=\"w-tabs-section-title\">\u00bfSe puede alquilar una propiedad s\u00f3lo por unos meses?<\/h3><div class=\"w-tabs-section-control\"><\/div><\/button><div  class=\"w-tabs-section-content us_custom_fca8cc99\" id=\"content-t00e\"><div class=\"w-tabs-section-content-h i-cf\"><div class=\"wpb_text_column\"><div class=\"wpb_wrapper\"><p>El periodo m\u00ednimo de contrato es de un a\u00f1o y se prorroga un a\u00f1o m\u00e1s sin necesidad de cancelaci\u00f3n. No es posible reservar s\u00f3lo para meses concretos.<\/p>\n<\/div><\/div><\/div><\/div><\/div><div class=\"w-tabs-section\" id=\"x104\" style=\"background:var(--color-content-bg);\"><button class=\"w-tabs-section-header\" aria-controls=\"content-x104\" aria-expanded=\"false\"><h3 class=\"w-tabs-section-title\">\u00bfPuedo recibir correo de varias empresas o personas con una sola suscripci\u00f3n?<\/h3><div class=\"w-tabs-section-control\"><\/div><\/button><div  class=\"w-tabs-section-content us_custom_fca8cc99\" id=\"content-x104\"><div class=\"w-tabs-section-content-h i-cf\"><div class=\"wpb_text_column\"><div class=\"wpb_wrapper\"><p>No, se requiere una suscripci\u00f3n independiente para cada empresa y cada nombre. Una excepci\u00f3n es el Ledigname, que est\u00e1 disponible con un recargo de 100 m\u00e1s IVA. Se puede registrar el IVA.<\/p>\n<\/div><\/div><\/div><\/div><\/div><div class=\"w-tabs-section\" id=\"i20b\" style=\"background:var(--color-content-bg);\"><button class=\"w-tabs-section-header\" aria-controls=\"content-i20b\" aria-expanded=\"false\"><h3 class=\"w-tabs-section-title\">\u00bfC\u00f3mo puedo cancelar mi suscripci\u00f3n?<\/h3><div class=\"w-tabs-section-control\"><\/div><\/button><div  class=\"w-tabs-section-content us_custom_fca8cc99\" id=\"content-i20b\"><div class=\"w-tabs-section-content-h i-cf\"><div class=\"wpb_text_column\"><div class=\"wpb_wrapper\"><p>La suscripci\u00f3n debe cancelarse con un mes de antelaci\u00f3n al final de un periodo de suscripci\u00f3n de un a\u00f1o. Esto significa que debemos recibir la cancelaci\u00f3n al menos un mes antes de que finalice el periodo de suscripci\u00f3n. La notificaci\u00f3n de cancelaci\u00f3n debe hacerse por escrito y estar firmada por un signatario autorizado.<\/p>\n<p>Sp\u00fchler Rechtsanw\u00e4lte AG<br \/>\nGeneral-Wille-Strasse 19<br \/>\nCH-8002 Z\u00farich<\/p>\n<\/div><\/div><\/div><\/div><\/div><\/div><\/div><div class=\"w-separator size_large\"><\/div><\/div><\/div><\/div><\/div><\/section><section class=\"l-section wpb_row us_custom_a43eef51 height_auto\" id=\"anker5\"><div class=\"l-section-h i-cf\"><div class=\"g-cols vc_row via_grid cols_2 laptops-cols_inherit tablets-cols_1 mobiles-cols_1 valign_top type_default stacking_default\" style=\"--columns-gap:30px;\"><div class=\"wpb_column vc_column_container\"><div class=\"vc_column-inner\"><div class=\"w-text us_custom_44da2e4b has_text_color\"><span class=\"w-text-h\"><span class=\"w-text-value\">FAQ &#8211; Preguntas sobre la<\/span><\/span><\/div><h2 class=\"w-text\"><span class=\"w-text-h\"><span class=\"w-text-value\">Facturaci\u00f3n<\/span><\/span><\/h2><div class=\"w-separator size_small\"><\/div><div class=\"w-tabs us_custom_07146db5 has_text_color style_default switch_click accordion remove_indents\" style=\"--sections-title-size:24px\"><div class=\"w-tabs-sections titles-align_none icon_chevron cpos_right\"><div class=\"w-tabs-section\" id=\"c022\" style=\"background:var(--color-content-bg);\"><button class=\"w-tabs-section-header\" aria-controls=\"content-c022\" aria-expanded=\"false\"><h3 class=\"w-tabs-section-title\">\u00bfPuedo pagar la tasa de domiciliaci\u00f3n mensualmente?<\/h3><div class=\"w-tabs-section-control\"><\/div><\/button><div  class=\"w-tabs-section-content us_custom_fca8cc99\" id=\"content-c022\"><div class=\"w-tabs-section-content-h i-cf\"><div class=\"wpb_text_column\"><div class=\"wpb_wrapper\"><p>La tasa de domiciliaci\u00f3n se abona por un a\u00f1o anticipado. La facturaci\u00f3n mensual no es posible.<\/p>\n<\/div><\/div><\/div><\/div><\/div><div class=\"w-tabs-section\" id=\"f120\" style=\"background:var(--color-content-bg);\"><button class=\"w-tabs-section-header\" aria-controls=\"content-f120\" aria-expanded=\"false\"><h3 class=\"w-tabs-section-title\">\u00bfC\u00f3mo se efect\u00faa el pago?<\/h3><div class=\"w-tabs-section-control\"><\/div><\/button><div  class=\"w-tabs-section-content us_custom_fca8cc99\" id=\"content-f120\"><div class=\"w-tabs-section-content-h i-cf\"><div class=\"wpb_text_column\"><div class=\"wpb_wrapper\"><p>Recibir\u00e1 una factura por correo electr\u00f3nico, que deber\u00e1 abonar antes de que se active la direcci\u00f3n o se renueve la suscripci\u00f3n.<\/p>\n<\/div><\/div><\/div><\/div><\/div><div class=\"w-tabs-section\" id=\"a213\" style=\"background:var(--color-content-bg);\"><button class=\"w-tabs-section-header\" aria-controls=\"content-a213\" aria-expanded=\"false\"><h3 class=\"w-tabs-section-title\">\u00bfPuedo pagar con tarjeta de cr\u00e9dito?<\/h3><div class=\"w-tabs-section-control\"><\/div><\/button><div  class=\"w-tabs-section-content us_custom_fca8cc99\" id=\"content-a213\"><div class=\"w-tabs-section-content-h i-cf\"><div class=\"wpb_text_column\"><div class=\"wpb_wrapper\"><p>No es posible el pago con tarjeta de cr\u00e9dito. S\u00f3lo aceptamos transferencias bancarias.<\/p>\n<\/div><\/div><\/div><\/div><\/div><div class=\"w-tabs-section\" id=\"a30f\" style=\"background:var(--color-content-bg);\"><button class=\"w-tabs-section-header\" aria-controls=\"content-a30f\" aria-expanded=\"false\"><h3 class=\"w-tabs-section-title\">\u00bfExisten otros gastos adem\u00e1s de la tasa de domiciliaci\u00f3n?<\/h3><div class=\"w-tabs-section-control\"><\/div><\/button><div  class=\"w-tabs-section-content us_custom_fca8cc99\" id=\"content-a30f\"><div class=\"w-tabs-section-content-h i-cf\"><div class=\"wpb_text_column\"><div class=\"wpb_wrapper\"><p>Se generan costes adicionales por el franqueo, la recepci\u00f3n de paquetes, la recepci\u00f3n de \u00f3rdenes de pago y por otros servicios adicionales reservados. Los precios figuran en las <a href=\"https:\/\/domiziladresse.zuerich\/es\/gtc\/\">Condiciones Generales<\/a> aplicables.<\/p>\n<\/div><\/div><\/div><\/div><\/div><\/div><\/div><div class=\"w-separator size_large\"><\/div><\/div><\/div><div class=\"wpb_column vc_column_container\"><div class=\"vc_column-inner\"><div class=\"w-image has_ratio align_center\"><div class=\"w-image-h\"><div style=\"padding-bottom:100%\"><\/div><img decoding=\"async\" width=\"1024\" height=\"685\" src=\"https:\/\/domiziladresse.zuerich\/wp-content\/uploads\/2025\/04\/kasse-1024x685.jpg\" class=\"attachment-large size-large\" alt=\"\" loading=\"lazy\" \/><\/div><\/div><\/div><\/div><\/div><\/div><\/section><section class=\"l-section wpb_row us_custom_a43eef51 height_auto\" id=\"anker6\"><div class=\"l-section-h i-cf\"><div class=\"g-cols vc_row via_grid cols_2 laptops-cols_inherit tablets-cols_1 mobiles-cols_1 valign_top type_default reversed stacking_default\" style=\"--columns-gap:30px;\"><div class=\"wpb_column vc_column_container\"><div class=\"vc_column-inner\"><div class=\"w-image has_ratio align_center\"><div class=\"w-image-h\"><div style=\"padding-bottom:100%\"><\/div><img decoding=\"async\" width=\"1024\" height=\"1024\" src=\"https:\/\/domiziladresse.zuerich\/wp-content\/uploads\/2024\/04\/archiv-scaled-e1714766416952-1024x1024.jpg\" class=\"attachment-large size-large\" alt=\"\" loading=\"lazy\" \/><\/div><\/div><\/div><\/div><div class=\"wpb_column vc_column_container\"><div class=\"vc_column-inner\"><div class=\"w-text us_custom_44da2e4b has_text_color\"><span class=\"w-text-h\"><span class=\"w-text-value\">FAQ &#8211; Preguntas sobre la<\/span><\/span><\/div><h2 class=\"w-text\"><span class=\"w-text-h\"><span class=\"w-text-value\">Registro mercantil<\/span><\/span><\/h2><div class=\"w-separator size_small\"><\/div><div class=\"w-tabs us_custom_07146db5 has_text_color style_default switch_click accordion remove_indents\" style=\"--sections-title-size:24px\"><div class=\"w-tabs-sections titles-align_none icon_chevron cpos_right\"><div class=\"w-tabs-section\" id=\"ie61\" style=\"background:var(--color-content-bg);\"><button class=\"w-tabs-section-header\" aria-controls=\"content-ie61\" aria-expanded=\"false\"><h3 class=\"w-tabs-section-title\">\u00bfPuedo utilizar la direcci\u00f3n del domicilio para el registro mercantil?<\/h3><div class=\"w-tabs-section-control\"><\/div><\/button><div  class=\"w-tabs-section-content\" id=\"content-ie61\"><div class=\"w-tabs-section-content-h i-cf\"><div class=\"wpb_text_column\"><div class=\"wpb_wrapper\"><p>S\u00ed, puede inscribir la direcci\u00f3n de su domicilio en el registro mercantil. Para ello necesita que le enviemos la llamada declaraci\u00f3n de aceptaci\u00f3n de domicilio.<\/p>\n<\/div><\/div><\/div><\/div><\/div><div class=\"w-tabs-section\" id=\"df7a\" style=\"background:var(--color-content-bg);\"><button class=\"w-tabs-section-header\" aria-controls=\"content-df7a\" aria-expanded=\"false\"><h3 class=\"w-tabs-section-title\">\u00bfTengo que inscribir mi empresa individual en el Registro Mercantil?<\/h3><div class=\"w-tabs-section-control\"><\/div><\/button><div  class=\"w-tabs-section-content\" id=\"content-df7a\"><div class=\"w-tabs-section-content-h i-cf\"><div class=\"wpb_text_column\"><div class=\"wpb_wrapper\"><p>En principio, una empresa individual puede fundarse de manera informal, lo que permite iniciar el negocio r\u00e1pidamente. La inscripci\u00f3n en el registro mercantil es voluntaria. La inscripci\u00f3n en el registro mercantil es obligatoria si la empresa se gestiona de forma comercial y el volumen de negocios anual supera los 100.000,00 francos suizos.<\/p>\n<p>Con mucho gusto nos encargaremos de la inscripci\u00f3n en el registro mercantil por usted.<\/p>\n<\/div><\/div><\/div><\/div><\/div><div class=\"w-tabs-section\" id=\"v079\"><button class=\"w-tabs-section-header\" aria-controls=\"content-v079\" aria-expanded=\"false\"><h3 class=\"w-tabs-section-title\">\u00bfSe pueden inscribir direcciones de apartados de correos en el registro mercantil?<\/h3><div class=\"w-tabs-section-control\"><\/div><\/button><div  class=\"w-tabs-section-content\" id=\"content-v079\"><div class=\"w-tabs-section-content-h i-cf\"><div class=\"wpb_text_column\"><div class=\"wpb_wrapper\"><p>No, no se pueden introducir direcciones de apartados de correos en el registro mercantil.<\/p>\n<\/div><\/div><\/div><\/div><\/div><div class=\"w-tabs-section\" id=\"n175\"><button class=\"w-tabs-section-header\" aria-controls=\"content-n175\" aria-expanded=\"false\"><h3 class=\"w-tabs-section-title\">\u00bfPuede utilizarse la direcci\u00f3n del domicilio antes de que \u00e9ste haya sido inscrito en el registro mercantil?<\/h3><div class=\"w-tabs-section-control\"><\/div><\/button><div  class=\"w-tabs-section-content\" id=\"content-n175\"><div class=\"w-tabs-section-content-h i-cf\"><div class=\"wpb_text_column\"><div class=\"wpb_wrapper\"><p><span>S\u00ed, su correo puede ser recibido por nosotros y reenviado a usted, incluso si se ha introducido una direcci\u00f3n diferente en el registro comercial.<\/span><\/p>\n<\/div><\/div><\/div><\/div><\/div><\/div><\/div><div class=\"w-separator size_large\"><\/div><\/div><\/div><\/div><\/div><\/section><section class=\"l-section wpb_row us_custom_a43eef51 height_auto\" id=\"anker7\"><div class=\"l-section-h i-cf\"><div class=\"g-cols vc_row via_grid cols_2 laptops-cols_inherit tablets-cols_1 mobiles-cols_1 valign_top type_default stacking_default\" style=\"--columns-gap:30px;\"><div class=\"wpb_column vc_column_container\"><div class=\"vc_column-inner\"><div class=\"w-text us_custom_44da2e4b has_text_color\"><span class=\"w-text-h\"><span class=\"w-text-value\">FAQ &#8211; Preguntas sobre<\/span><\/span><\/div><h2 class=\"w-text\"><span class=\"w-text-h\"><span class=\"w-text-value\">Servicios adicionales<\/span><\/span><\/h2><div class=\"w-separator size_small\"><\/div><div class=\"w-tabs us_custom_07146db5 has_text_color style_default switch_click accordion remove_indents\" style=\"--sections-title-size:24px\"><div class=\"w-tabs-sections titles-align_none icon_chevron cpos_right\"><div class=\"w-tabs-section\" id=\"wdc6\" style=\"background:var(--color-content-bg);\"><button class=\"w-tabs-section-header\" aria-controls=\"content-wdc6\" aria-expanded=\"false\"><h3 class=\"w-tabs-section-title\">\u00bfPuedo alquilar un despacho o una sala de reuniones?<\/h3><div class=\"w-tabs-section-control\"><\/div><\/button><div  class=\"w-tabs-section-content us_custom_fca8cc99\" id=\"content-wdc6\"><div class=\"w-tabs-section-content-h i-cf\"><div class=\"wpb_text_column\"><div class=\"wpb_wrapper\"><p>No alquilamos oficinas, puestos de trabajo ni salas de reuniones.<\/p>\n<\/div><\/div><\/div><\/div><\/div><div class=\"w-tabs-section\" id=\"pec1\" style=\"background:var(--color-content-bg);\"><button class=\"w-tabs-section-header\" aria-controls=\"content-pec1\" aria-expanded=\"false\"><h3 class=\"w-tabs-section-title\">\u00bfHay servicio telef\u00f3nico?<\/h3><div class=\"w-tabs-section-control\"><\/div><\/button><div  class=\"w-tabs-section-content us_custom_fca8cc99\" id=\"content-pec1\"><div class=\"w-tabs-section-content-h i-cf\"><div class=\"wpb_text_column\"><div class=\"wpb_wrapper\"><p>No ofrecemos servicio telef\u00f3nico.<\/p>\n<\/div><\/div><\/div><\/div><\/div><div class=\"w-tabs-section\" id=\"nfbb\" style=\"background:var(--color-content-bg);\"><button class=\"w-tabs-section-header\" aria-controls=\"content-nfbb\" aria-expanded=\"false\"><h3 class=\"w-tabs-section-title\">Necesito ayuda legal. \u00bfC\u00f3mo debo proceder?<\/h3><div class=\"w-tabs-section-control\"><\/div><\/button><div  class=\"w-tabs-section-content us_custom_fca8cc99\" id=\"content-nfbb\"><div class=\"w-tabs-section-content-h i-cf\"><div class=\"wpb_text_column\"><div class=\"wpb_wrapper\"><p>Ofrecemos asesoramiento jur\u00eddico y representaci\u00f3n legal. Encontrar\u00e1 informaci\u00f3n sobre nuestros servicios jur\u00eddicos en <a href=\"http:\/\/www.spuehler.legal\">www.spuehler.legal.<\/a><\/p>\n<\/div><\/div><\/div><\/div><\/div><\/div><\/div><div class=\"w-separator size_large\"><\/div><\/div><\/div><div class=\"wpb_column vc_column_container\"><div class=\"vc_column-inner\"><div class=\"w-image has_ratio align_center\"><div class=\"w-image-h\"><div style=\"padding-bottom:100%\"><\/div><img decoding=\"async\" width=\"1024\" height=\"576\" src=\"https:\/\/domiziladresse.zuerich\/wp-content\/uploads\/2025\/04\/Sitzungsraum-1024x576.jpg\" class=\"attachment-large size-large\" alt=\"\" loading=\"lazy\" \/><\/div><\/div><\/div><\/div><\/div><\/div><\/section>\n","protected":false},"excerpt":{"rendered":"Preguntas frecuentes sobre el domicilio en Suiza Preguntas y respuestas a las preguntas m\u00e1s frecuentes en relaci\u00f3n con el domicilio social en Z\u00farich. \u00cdndice Direcci\u00f3n en generalRecepci\u00f3n \/ reenv\u00edo del correoProceso de pedidoSuscripci\u00f3nFacturaci\u00f3nRegistro mercantilServicios adicionalesFAQ &#8211; Preguntas sobre laDirecci\u00f3n en general\u00bfPor qu\u00e9 necesito una direcci\u00f3n de domicilio?No dispone de oficinas propias para su empresa \u00bfTrabaja...","protected":false},"author":1,"featured_media":0,"parent":0,"menu_order":0,"comment_status":"closed","ping_status":"closed","template":"","meta":{"footnotes":""},"class_list":["post-2492","page","type-page","status-publish","hentry"],"yoast_head":"<!-- This site is optimized with the Yoast SEO plugin v27.4 - https:\/\/yoast.com\/product\/yoast-seo-wordpress\/ -->\n<title>Domicilio social en Z\u00farich: preguntas y respuestas frecuentes<\/title>\n<meta name=\"description\" content=\"Preguntas y respuestas a las preguntas m\u00e1s frecuentes en relaci\u00f3n con su domicilio social favorable en 8002 Z\u00farich en un bufete de abogados.\" \/>\n<meta name=\"robots\" content=\"index, follow, max-snippet:-1, max-image-preview:large, max-video-preview:-1\" \/>\n<link rel=\"canonical\" href=\"https:\/\/domiziladresse.zuerich\/es\/preguntas-frecuentes\/\" \/>\n<meta property=\"og:locale\" content=\"es_ES\" \/>\n<meta property=\"og:type\" content=\"article\" \/>\n<meta property=\"og:title\" content=\"Domicilio social en Z\u00farich: preguntas y respuestas frecuentes\" \/>\n<meta property=\"og:description\" content=\"Preguntas y respuestas a las preguntas m\u00e1s frecuentes en relaci\u00f3n con su domicilio social favorable en 8002 Z\u00farich en un bufete de abogados.\" \/>\n<meta property=\"og:url\" content=\"https:\/\/domiziladresse.zuerich\/es\/preguntas-frecuentes\/\" \/>\n<meta property=\"og:site_name\" content=\"Domiziladresse Z\u00fcrich\" \/>\n<meta property=\"article:modified_time\" content=\"2026-01-21T10:57:17+00:00\" \/>\n<meta name=\"twitter:card\" content=\"summary_large_image\" \/>\n<meta name=\"twitter:label1\" content=\"Tiempo de lectura\" \/>\n\t<meta name=\"twitter:data1\" content=\"24 minutos\" \/>\n<script type=\"application\/ld+json\" class=\"yoast-schema-graph\">{\"@context\":\"https:\\\/\\\/schema.org\",\"@graph\":[{\"@type\":\"WebPage\",\"@id\":\"https:\\\/\\\/domiziladresse.zuerich\\\/es\\\/preguntas-frecuentes\\\/\",\"url\":\"https:\\\/\\\/domiziladresse.zuerich\\\/es\\\/preguntas-frecuentes\\\/\",\"name\":\"Domicilio social en Z\u00farich: preguntas y respuestas frecuentes\",\"isPartOf\":{\"@id\":\"https:\\\/\\\/domiziladresse.zuerich\\\/es\\\/#website\"},\"datePublished\":\"2024-03-05T09:05:32+00:00\",\"dateModified\":\"2026-01-21T10:57:17+00:00\",\"description\":\"Preguntas y respuestas a las preguntas m\u00e1s frecuentes en relaci\u00f3n con su domicilio social favorable en 8002 Z\u00farich en un bufete de abogados.\",\"breadcrumb\":{\"@id\":\"https:\\\/\\\/domiziladresse.zuerich\\\/es\\\/preguntas-frecuentes\\\/#breadcrumb\"},\"inLanguage\":\"es\",\"potentialAction\":[{\"@type\":\"ReadAction\",\"target\":[\"https:\\\/\\\/domiziladresse.zuerich\\\/es\\\/preguntas-frecuentes\\\/\"]}]},{\"@type\":\"BreadcrumbList\",\"@id\":\"https:\\\/\\\/domiziladresse.zuerich\\\/es\\\/preguntas-frecuentes\\\/#breadcrumb\",\"itemListElement\":[{\"@type\":\"ListItem\",\"position\":1,\"name\":\"Startseite\",\"item\":\"https:\\\/\\\/domiziladresse.zuerich\\\/es\\\/comienza\\\/\"},{\"@type\":\"ListItem\",\"position\":2,\"name\":\"FAQ\"}]},{\"@type\":\"WebSite\",\"@id\":\"https:\\\/\\\/domiziladresse.zuerich\\\/es\\\/#website\",\"url\":\"https:\\\/\\\/domiziladresse.zuerich\\\/es\\\/\",\"name\":\"Domiziladresse.Zuerich\",\"description\":\"Ihre Gesch\u00e4ftsadresse in Z\u00fcrich\",\"publisher\":{\"@id\":\"https:\\\/\\\/domiziladresse.zuerich\\\/es\\\/#organization\"},\"alternateName\":\"Domiziladresse Z\u00fcrich\",\"potentialAction\":[{\"@type\":\"SearchAction\",\"target\":{\"@type\":\"EntryPoint\",\"urlTemplate\":\"https:\\\/\\\/domiziladresse.zuerich\\\/es\\\/?s={search_term_string}\"},\"query-input\":{\"@type\":\"PropertyValueSpecification\",\"valueRequired\":true,\"valueName\":\"search_term_string\"}}],\"inLanguage\":\"es\"},{\"@type\":\"Organization\",\"@id\":\"https:\\\/\\\/domiziladresse.zuerich\\\/es\\\/#organization\",\"name\":\"Domiziladresse Z\u00fcrich\",\"url\":\"https:\\\/\\\/domiziladresse.zuerich\\\/es\\\/\",\"logo\":{\"@type\":\"ImageObject\",\"inLanguage\":\"es\",\"@id\":\"https:\\\/\\\/domiziladresse.zuerich\\\/es\\\/#\\\/schema\\\/logo\\\/image\\\/\",\"url\":\"https:\\\/\\\/domiziladresse.zuerich\\\/wp-content\\\/uploads\\\/2024\\\/02\\\/Emblem.svg\",\"contentUrl\":\"https:\\\/\\\/domiziladresse.zuerich\\\/wp-content\\\/uploads\\\/2024\\\/02\\\/Emblem.svg\",\"width\":\"1024\",\"height\":\"1024\",\"caption\":\"Domiziladresse Z\u00fcrich\"},\"image\":{\"@id\":\"https:\\\/\\\/domiziladresse.zuerich\\\/es\\\/#\\\/schema\\\/logo\\\/image\\\/\"}}]}<\/script>\n<!-- \/ Yoast SEO plugin. -->","yoast_head_json":{"title":"Domicilio social en Z\u00farich: preguntas y respuestas frecuentes","description":"Preguntas y respuestas a las preguntas m\u00e1s frecuentes en relaci\u00f3n con su domicilio social favorable en 8002 Z\u00farich en un bufete de abogados.","robots":{"index":"index","follow":"follow","max-snippet":"max-snippet:-1","max-image-preview":"max-image-preview:large","max-video-preview":"max-video-preview:-1"},"canonical":"https:\/\/domiziladresse.zuerich\/es\/preguntas-frecuentes\/","og_locale":"es_ES","og_type":"article","og_title":"Domicilio social en Z\u00farich: preguntas y respuestas frecuentes","og_description":"Preguntas y respuestas a las preguntas m\u00e1s frecuentes en relaci\u00f3n con su domicilio social favorable en 8002 Z\u00farich en un bufete de abogados.","og_url":"https:\/\/domiziladresse.zuerich\/es\/preguntas-frecuentes\/","og_site_name":"Domiziladresse Z\u00fcrich","article_modified_time":"2026-01-21T10:57:17+00:00","twitter_card":"summary_large_image","twitter_misc":{"Tiempo de lectura":"24 minutos"},"schema":{"@context":"https:\/\/schema.org","@graph":[{"@type":"WebPage","@id":"https:\/\/domiziladresse.zuerich\/es\/preguntas-frecuentes\/","url":"https:\/\/domiziladresse.zuerich\/es\/preguntas-frecuentes\/","name":"Domicilio social en Z\u00farich: preguntas y respuestas frecuentes","isPartOf":{"@id":"https:\/\/domiziladresse.zuerich\/es\/#website"},"datePublished":"2024-03-05T09:05:32+00:00","dateModified":"2026-01-21T10:57:17+00:00","description":"Preguntas y respuestas a las preguntas m\u00e1s frecuentes en relaci\u00f3n con su domicilio social favorable en 8002 Z\u00farich en un bufete de abogados.","breadcrumb":{"@id":"https:\/\/domiziladresse.zuerich\/es\/preguntas-frecuentes\/#breadcrumb"},"inLanguage":"es","potentialAction":[{"@type":"ReadAction","target":["https:\/\/domiziladresse.zuerich\/es\/preguntas-frecuentes\/"]}]},{"@type":"BreadcrumbList","@id":"https:\/\/domiziladresse.zuerich\/es\/preguntas-frecuentes\/#breadcrumb","itemListElement":[{"@type":"ListItem","position":1,"name":"Startseite","item":"https:\/\/domiziladresse.zuerich\/es\/comienza\/"},{"@type":"ListItem","position":2,"name":"FAQ"}]},{"@type":"WebSite","@id":"https:\/\/domiziladresse.zuerich\/es\/#website","url":"https:\/\/domiziladresse.zuerich\/es\/","name":"Domiziladresse.Zuerich","description":"Ihre Gesch\u00e4ftsadresse in Z\u00fcrich","publisher":{"@id":"https:\/\/domiziladresse.zuerich\/es\/#organization"},"alternateName":"Domiziladresse Z\u00fcrich","potentialAction":[{"@type":"SearchAction","target":{"@type":"EntryPoint","urlTemplate":"https:\/\/domiziladresse.zuerich\/es\/?s={search_term_string}"},"query-input":{"@type":"PropertyValueSpecification","valueRequired":true,"valueName":"search_term_string"}}],"inLanguage":"es"},{"@type":"Organization","@id":"https:\/\/domiziladresse.zuerich\/es\/#organization","name":"Domiziladresse Z\u00fcrich","url":"https:\/\/domiziladresse.zuerich\/es\/","logo":{"@type":"ImageObject","inLanguage":"es","@id":"https:\/\/domiziladresse.zuerich\/es\/#\/schema\/logo\/image\/","url":"https:\/\/domiziladresse.zuerich\/wp-content\/uploads\/2024\/02\/Emblem.svg","contentUrl":"https:\/\/domiziladresse.zuerich\/wp-content\/uploads\/2024\/02\/Emblem.svg","width":"1024","height":"1024","caption":"Domiziladresse Z\u00fcrich"},"image":{"@id":"https:\/\/domiziladresse.zuerich\/es\/#\/schema\/logo\/image\/"}}]}},"_links":{"self":[{"href":"https:\/\/domiziladresse.zuerich\/es\/wp-json\/wp\/v2\/pages\/2492","targetHints":{"allow":["GET"]}}],"collection":[{"href":"https:\/\/domiziladresse.zuerich\/es\/wp-json\/wp\/v2\/pages"}],"about":[{"href":"https:\/\/domiziladresse.zuerich\/es\/wp-json\/wp\/v2\/types\/page"}],"author":[{"embeddable":true,"href":"https:\/\/domiziladresse.zuerich\/es\/wp-json\/wp\/v2\/users\/1"}],"replies":[{"embeddable":true,"href":"https:\/\/domiziladresse.zuerich\/es\/wp-json\/wp\/v2\/comments?post=2492"}],"version-history":[{"count":164,"href":"https:\/\/domiziladresse.zuerich\/es\/wp-json\/wp\/v2\/pages\/2492\/revisions"}],"predecessor-version":[{"id":4760,"href":"https:\/\/domiziladresse.zuerich\/es\/wp-json\/wp\/v2\/pages\/2492\/revisions\/4760"}],"wp:attachment":[{"href":"https:\/\/domiziladresse.zuerich\/es\/wp-json\/wp\/v2\/media?parent=2492"}],"curies":[{"name":"wp","href":"https:\/\/api.w.org\/{rel}","templated":true}]}}